{"id":10703,"date":"2026-04-29T15:56:46","date_gmt":"2026-04-29T14:56:46","guid":{"rendered":"https:\/\/buechertanz.de\/?page_id=10703"},"modified":"2026-04-30T07:10:22","modified_gmt":"2026-04-30T06:10:22","slug":"neuzugaenge-april-2026","status":"publish","type":"page","link":"https:\/\/buechertanz.de\/?page_id=10703","title":{"rendered":"Neuzug\u00e4nge April 2026"},"content":{"rendered":"\n<p class=\"has-drop-cap has-small-font-size\">Im&nbsp;<strong>April 2026<\/strong>&nbsp;sind insgesamt&nbsp;<strong>15 B\u00fccher\/ebooks<\/strong>&nbsp;hier eingezogen:<\/p>\n\n\n\n<div class=\"wp-block-media-text is-vertically-aligned-center\"><figure class=\"wp-block-media-text__media\"><img loading=\"lazy\" decoding=\"async\" width=\"811\" height=\"1014\" src=\"https:\/\/buechertanz.de\/wp-content\/uploads\/2026\/04\/04-April_komplett_komp.jpg\" alt=\"\" class=\"wp-image-10724 size-full\" srcset=\"https:\/\/buechertanz.de\/wp-content\/uploads\/2026\/04\/04-April_komplett_komp.jpg 811w, https:\/\/buechertanz.de\/wp-content\/uploads\/2026\/04\/04-April_komplett_komp-240x300.jpg 240w, https:\/\/buechertanz.de\/wp-content\/uploads\/2026\/04\/04-April_komplett_komp-768x960.jpg 768w\" sizes=\"auto, (max-width: 811px) 100vw, 811px\" \/><\/figure><div class=\"wp-block-media-text__content\">\n<ul class=\"wp-block-list\">\n<li class=\"has-small-font-size\">Ein Vorab-Exemplar (PDF)<\/li>\n\n\n\n<li class=\"has-small-font-size\">Ein Manuskript (PDF)<\/li>\n\n\n\n<li class=\"has-small-font-size\">13 selbst gekaufte B\u00fccher (sechs Prints, sieben eBooks)<\/li>\n<\/ul>\n<\/div><\/div>\n\n\n\n<p class=\"has-small-font-size\">Herzlichen Dank an den Rowohlt Verlag f\u00fcr die Zusendung der PDF-Fahne von <strong><em>&#8222;Das Rad der Welt&#8220;<\/em><\/strong> von Hendrik Lambertus und auch ein gro\u00dfes Dankesch\u00f6n an die Autorin, die mir vertrauensvoll ihr Manuskript zum testlesen geschickt hat.<br>Auf ein selbst gekauftes Buch m\u00f6chte ich nicht genauer eingehen &#8211; daf\u00fcr bitte ich um euer Verst\u00e4ndnis.<\/p>\n\n\n\n<p class=\"has-small-font-size\">Liebe Gr\u00fc\u00dfe, eure<\/p>\n\n\n\n<figure class=\"wp-block-image size-large is-resized\"><img loading=\"lazy\" decoding=\"async\" width=\"1024\" height=\"404\" src=\"https:\/\/buechertanz.de\/wp-content\/uploads\/2024\/06\/Unterschrift-1024x404.jpg\" alt=\"\" class=\"wp-image-7473\" style=\"width:227px;height:auto\" srcset=\"https:\/\/buechertanz.de\/wp-content\/uploads\/2024\/06\/Unterschrift-1024x404.jpg 1024w, https:\/\/buechertanz.de\/wp-content\/uploads\/2024\/06\/Unterschrift-300x118.jpg 300w, https:\/\/buechertanz.de\/wp-content\/uploads\/2024\/06\/Unterschrift-768x303.jpg 768w, https:\/\/buechertanz.de\/wp-content\/uploads\/2024\/06\/Unterschrift.jpg 1500w\" sizes=\"auto, (max-width: 1024px) 100vw, 1024px\" \/><\/figure>\n\n\n\n<p class=\"has-text-align-center\">_ _ _ <\/p>\n\n\n\n<p class=\"has-small-font-size\" style=\"text-decoration:underline\"><strong>Rezensionsexemplare\/ Vorab-Exemplare:<\/strong><\/p>\n\n\n<div class=\"wp-block-image\">\n<figure class=\"aligncenter size-large is-resized\"><img loading=\"lazy\" decoding=\"async\" width=\"819\" height=\"1024\" src=\"https:\/\/buechertanz.de\/wp-content\/uploads\/2026\/04\/04-April_Rezensionsexemplare_komp-819x1024.jpg\" alt=\"\" class=\"wp-image-10726\" style=\"width:352px;height:auto\" srcset=\"https:\/\/buechertanz.de\/wp-content\/uploads\/2026\/04\/04-April_Rezensionsexemplare_komp-819x1024.jpg 819w, https:\/\/buechertanz.de\/wp-content\/uploads\/2026\/04\/04-April_Rezensionsexemplare_komp-240x300.jpg 240w, https:\/\/buechertanz.de\/wp-content\/uploads\/2026\/04\/04-April_Rezensionsexemplare_komp-768x960.jpg 768w, https:\/\/buechertanz.de\/wp-content\/uploads\/2026\/04\/04-April_Rezensionsexemplare_komp.jpg 1203w\" sizes=\"auto, (max-width: 819px) 100vw, 819px\" \/><\/figure><\/div>\n\n\n<ul class=\"wp-block-list\">\n<li class=\"has-small-font-size\"><strong>Hendrik Lambertus:<\/strong><br><em>&#8222;Das Rad der Welt&#8220; <\/em>(PDF)<\/li>\n\n\n\n<li class=\"has-small-font-size\"><strong>XY:<\/strong><br><em>Manuskript<\/em> (PDF)<\/li>\n<\/ul>\n\n\n\n<p class=\"has-text-align-center\">_ _ _ <\/p>\n\n\n\n<p class=\"has-small-font-size\" style=\"text-decoration:underline\"><strong>Selbstgekaufte B\u00fccher\/ eBooks:<\/strong><\/p>\n\n\n<div class=\"wp-block-image\">\n<figure class=\"aligncenter size-full is-resized\"><img loading=\"lazy\" decoding=\"async\" width=\"654\" height=\"818\" src=\"https:\/\/buechertanz.de\/wp-content\/uploads\/2026\/04\/04-April_Selbst_gekauft_komp.jpg\" alt=\"\" class=\"wp-image-10727\" style=\"width:359px;height:auto\" srcset=\"https:\/\/buechertanz.de\/wp-content\/uploads\/2026\/04\/04-April_Selbst_gekauft_komp.jpg 654w, https:\/\/buechertanz.de\/wp-content\/uploads\/2026\/04\/04-April_Selbst_gekauft_komp-240x300.jpg 240w\" sizes=\"auto, (max-width: 654px) 100vw, 654px\" \/><\/figure><\/div>\n\n\n<ul class=\"wp-block-list\">\n<li class=\"has-small-font-size\"><strong>Katharina Fuchs:<\/strong><br><em>&#8222;Schwesternland&#8220; <\/em>(eBook)<\/li>\n\n\n\n<li class=\"has-small-font-size\"><strong>Susanne Popp:<\/strong><br><em>&#8222;Melodie der Neuen Welt &#8211; Auftakt in New York&#8220; <\/em>(eBook)<\/li>\n\n\n\n<li class=\"has-small-font-size\"><strong>Helene Winter:<\/strong><br><em>&#8222;Das Bettelm\u00e4dchen&#8220; <\/em>(Print)<\/li>\n\n\n\n<li class=\"has-small-font-size\"><strong>Micaela A. Gabriel:<\/strong><br><em>&#8222;Die Frauen vom Reichstag &#8211; Stimmen der Freiheit&#8220; <\/em>(eBook)<\/li>\n\n\n\n<li class=\"has-small-font-size\"><strong>Lea Kampe:<\/strong><br><em>&#8222;Beelitz Heilst\u00e4tten&#8220; <\/em>(eBook)<\/li>\n\n\n\n<li class=\"has-small-font-size\"><strong>Anett Diell:<\/strong><br><em>&#8222;Das Zimmerm\u00e4dchen vom Adlon&#8220; <\/em>(eBook)<\/li>\n\n\n\n<li class=\"has-small-font-size\"><strong>Rosita Hoppe:<\/strong><br><em>&#8222;Ein Sommer an deiner Seite&#8220; <\/em>(eBook)<\/li>\n\n\n\n<li class=\"has-small-font-size\"><strong>Hannah H\u00e4ffner:<\/strong><br><em>&#8222;Die Riesinnen&#8220; <\/em>(Print)<\/li>\n\n\n\n<li class=\"has-small-font-size\"><strong>Robert Hardman:<\/strong><br><em>&#8222;Queen of our Times&#8220; <\/em>(Print)<\/li>\n\n\n\n<li class=\"has-small-font-size\"><strong>XY<\/strong><br><em>&#8222;XXX&#8220;<\/em> (eBook)<\/li>\n\n\n\n<li class=\"has-small-font-size\"><strong>Julie Marinello:<\/strong><br><em>&#8222;Burnham Dynasty &#8211; Weil wir es sind&#8220; <\/em>(Print)<\/li>\n\n\n\n<li class=\"has-small-font-size\"><strong>Petra Durst-Benning:<\/strong><br><em>&#8222;Heimatsommer&#8220; <\/em>(Print)<\/li>\n\n\n\n<li class=\"has-small-font-size\"><strong>Bianca Walther:<\/strong><br><em>&#8222;Die Vork\u00e4mpferinnen&#8220; <\/em>(Print)<\/li>\n<\/ul>\n\n\n\n<p class=\"has-text-align-center\">_ _ _ <\/p>\n","protected":false},"excerpt":{"rendered":"<p>Im&nbsp;April 2026&nbsp;sind insgesamt&nbsp;15 B\u00fccher\/ebooks&nbsp;hier eingezogen: Herzlichen Dank an den Rowohlt Verlag f\u00fcr die Zusendung der PDF-Fahne von &#8222;Das Rad der Welt&#8220; von Hendrik Lambertus und auch ein gro\u00dfes Dankesch\u00f6n an die Autorin, die mir vertrauensvoll ihr Manuskript zum testlesen geschickt hat.Auf ein selbst gekauftes Buch m\u00f6chte ich nicht genauer eingehen &#8211; daf\u00fcr bitte ich um &hellip; <a href=\"https:\/\/buechertanz.de\/?page_id=10703\" class=\"more-link\"><span class=\"screen-reader-text\">Neuzug\u00e4nge April 2026<\/span> weiterlesen<\/a><\/p>\n","protected":false},"author":2,"featured_media":0,"parent":0,"menu_order":0,"comment_status":"open","ping_status":"closed","template":"","meta":{"footnotes":""},"class_list":["post-10703","page","type-page","status-publish","hentry"],"_links":{"self":[{"href":"https:\/\/buechertanz.de\/index.php?rest_route=\/wp\/v2\/pages\/10703","targetHints":{"allow":["GET"]}}],"collection":[{"href":"https:\/\/buechertanz.de\/index.php?rest_route=\/wp\/v2\/pages"}],"about":[{"href":"https:\/\/buechertanz.de\/index.php?rest_route=\/wp\/v2\/types\/page"}],"author":[{"embeddable":true,"href":"https:\/\/buechertanz.de\/index.php?rest_route=\/wp\/v2\/users\/2"}],"replies":[{"embeddable":true,"href":"https:\/\/buechertanz.de\/index.php?rest_route=%2Fwp%2Fv2%2Fcomments&post=10703"}],"version-history":[{"count":6,"href":"https:\/\/buechertanz.de\/index.php?rest_route=\/wp\/v2\/pages\/10703\/revisions"}],"predecessor-version":[{"id":10730,"href":"https:\/\/buechertanz.de\/index.php?rest_route=\/wp\/v2\/pages\/10703\/revisions\/10730"}],"wp:attachment":[{"href":"https:\/\/buechertanz.de\/index.php?rest_route=%2Fwp%2Fv2%2Fmedia&parent=10703"}],"curies":[{"name":"wp","href":"https:\/\/api.w.org\/{rel}","templated":true}]}}