{"id":11324,"date":"2026-08-30T15:12:12","date_gmt":"2026-08-30T14:12:12","guid":{"rendered":"https:\/\/buechertanz.de\/?page_id=11324"},"modified":"2026-08-30T16:37:46","modified_gmt":"2026-08-30T15:37:46","slug":"gelesen-august-2026","status":"publish","type":"page","link":"https:\/\/buechertanz.de\/?page_id=11324","title":{"rendered":"Gelesen August 2026"},"content":{"rendered":"\n<p class=\"wp-block-paragraph\">Werbung *<\/p>\n\n\n\n<p class=\"has-text-align-center wp-block-paragraph\">_ _ _ <\/p>\n\n\n\n<p class=\"has-small-font-size wp-block-paragraph\">Im August habe ich acht B\u00fccher mit insgesamt 2.996 Seiten gelesen:<\/p>\n\n\n\n<div class=\"wp-block-media-text is-vertically-aligned-center\"><figure class=\"wp-block-media-text__media\"><img loading=\"lazy\" decoding=\"async\" width=\"763\" height=\"959\" src=\"https:\/\/buechertanz.de\/wp-content\/uploads\/2026\/08\/08-August_komp.jpg\" alt=\"\" class=\"wp-image-11339 size-full\" srcset=\"https:\/\/buechertanz.de\/wp-content\/uploads\/2026\/08\/08-August_komp.jpg 763w, https:\/\/buechertanz.de\/wp-content\/uploads\/2026\/08\/08-August_komp-239x300.jpg 239w\" sizes=\"auto, (max-width: 763px) 100vw, 763px\" \/><\/figure><div class=\"wp-block-media-text__content\">\n<ul class=\"wp-block-list\">\n<li class=\"has-small-font-size\">Ein Rezensionsexemplar (Print)<\/li>\n\n\n\n<li class=\"has-small-font-size\">Drei selbst gekaufte eBooks und vier selbst gekaufte Prints<\/li>\n<\/ul>\n<\/div><\/div>\n\n\n\n<p class=\"has-small-font-size wp-block-paragraph\">Das war ein wundersch\u00f6ner und abwechslungsreicher Lesemonat. Ich bin sehr zufrieden und freue mich, dass  zwei Sachb\u00fccher (<em>&#8222;Die Vork\u00e4mpferinnen&#8220; <\/em>von Bianca Walther und <em>&#8222;Marseille 1940&#8220; <\/em>von Uwe Wittstock) dabei waren. <br>Herzlichen Dank an den Rowohlt Verlag f\u00fcr das Rezensionsexemplar <em>&#8222;Der geheime Apfelgarten &#8211; Getrennte Welten&#8220; <\/em>von Rebekka Eder. <br>Und ein gro\u00dfes Dankesch\u00f6n an aller weiteren Autorinnen und Autoren f\u00fcr die wunderbaren und lehrreichen Lesestunden. <br><br>Viel Spa\u00df beim St\u00f6bern und Entdecken, eure<\/p>\n\n\n\n<figure class=\"wp-block-image size-large is-resized\"><img loading=\"lazy\" decoding=\"async\" width=\"1024\" height=\"404\" src=\"https:\/\/buechertanz.de\/wp-content\/uploads\/2024\/06\/Unterschrift-1024x404.jpg\" alt=\"\" class=\"wp-image-7473\" style=\"aspect-ratio:2.534871706561047;width:226px;height:auto\" srcset=\"https:\/\/buechertanz.de\/wp-content\/uploads\/2024\/06\/Unterschrift-1024x404.jpg 1024w, https:\/\/buechertanz.de\/wp-content\/uploads\/2024\/06\/Unterschrift-300x118.jpg 300w, https:\/\/buechertanz.de\/wp-content\/uploads\/2024\/06\/Unterschrift-768x303.jpg 768w, https:\/\/buechertanz.de\/wp-content\/uploads\/2024\/06\/Unterschrift.jpg 1500w\" sizes=\"auto, (max-width: 1024px) 100vw, 1024px\" \/><\/figure>\n\n\n\n<p class=\"wp-block-paragraph\" style=\"font-size:11px\"><em>*Da ich einige der B\u00fccher als kostenlose Rezensionsexemplare erhalten habe (und damit eine Gegenleistung), kennzeichne ich diesen Blogbeitrag als Werbung. Ich habe keine finanziellen Gegenleistungen von den Autorinnen und\/ oder den Verlagen erhalten.<\/em><\/p>\n\n\n\n<p class=\"has-text-align-center wp-block-paragraph\">_ _ _ <\/p>\n\n\n\n<div class=\"wp-block-media-text is-vertically-aligned-center\" style=\"grid-template-columns:25% auto\"><figure class=\"wp-block-media-text__media\"><img loading=\"lazy\" decoding=\"async\" width=\"320\" height=\"522\" src=\"https:\/\/buechertanz.de\/wp-content\/uploads\/2026\/08\/57-Die-Vorkaempferinnen_Wie-aus-vielen-Frauen-eine-Bewegung-wurde.jpg\" alt=\"\" class=\"wp-image-11194 size-full\" srcset=\"https:\/\/buechertanz.de\/wp-content\/uploads\/2026\/08\/57-Die-Vorkaempferinnen_Wie-aus-vielen-Frauen-eine-Bewegung-wurde.jpg 320w, https:\/\/buechertanz.de\/wp-content\/uploads\/2026\/08\/57-Die-Vorkaempferinnen_Wie-aus-vielen-Frauen-eine-Bewegung-wurde-184x300.jpg 184w\" sizes=\"auto, (max-width: 320px) 100vw, 320px\" \/><\/figure><div class=\"wp-block-media-text__content\">\n<p class=\"has-small-font-size wp-block-paragraph\"><em>Selbst gekauft<\/em> (Print)<br><br>Ich starte mit einem Sachbuch in den neuen Lesemonat: <strong><em>&#8222;Die Vork\u00e4mpferinnen &#8211; Wie aus vielen Frauen eine Bewegung wurde&#8220; <\/em><\/strong>von Bianca Walther.<br>Ein lehrreiches, informatives und extrem unterhaltsames Buch. Es zeigt beeindruckend, wie sehr Frauen f\u00fcr ihre Rechte k\u00e4mpfen mussten &#8211; und noch immer m\u00fcssen. Sehr lesenswert.<\/p>\n<\/div><\/div>\n\n\n\n<p class=\"has-text-align-center wp-block-paragraph\">_ _ _ <\/p>\n\n\n\n<div class=\"wp-block-media-text has-media-on-the-right\" style=\"grid-template-columns:auto 25%\"><div class=\"wp-block-media-text__content\">\n<p class=\"has-small-font-size wp-block-paragraph\"><em>Rezensionsexemplar<\/em> (Print)<br><br>Weiter ging es mit dem historischen Roman <strong><em><a href=\"https:\/\/buechertanz.de\/?p=11231\" target=\"_blank\" rel=\"noreferrer noopener\">&#8222;Der geheime Apfelgarten &#8211; Getrennte Wege&#8220;<\/a> <\/em><\/strong>von Rebekka Eder.<br>Es ist ist ein spannender und vor allem lehrreicher Reihen-Auftakt.\u00a0Die Geschichte hat mich ab der ersten Seite mitgerissen und es war mitunter so schwer, das Buch zur Seite zu legen. Sehr lesenswert \u2013 und ich freue mich so sehr auf die Fortsetzung.<br><\/p>\n<\/div><figure class=\"wp-block-media-text__media\"><img loading=\"lazy\" decoding=\"async\" width=\"307\" height=\"466\" src=\"https:\/\/buechertanz.de\/wp-content\/uploads\/2026\/08\/58-Der-geheime-Apfelgarten-Getrennte-Welten.jpg\" alt=\"\" class=\"wp-image-11223 size-full\" srcset=\"https:\/\/buechertanz.de\/wp-content\/uploads\/2026\/08\/58-Der-geheime-Apfelgarten-Getrennte-Welten.jpg 307w, https:\/\/buechertanz.de\/wp-content\/uploads\/2026\/08\/58-Der-geheime-Apfelgarten-Getrennte-Welten-198x300.jpg 198w\" sizes=\"auto, (max-width: 307px) 100vw, 307px\" \/><\/figure><\/div>\n\n\n\n<p class=\"has-text-align-center wp-block-paragraph\">_ _ _ <\/p>\n\n\n\n<div class=\"wp-block-media-text is-vertically-aligned-center\" style=\"grid-template-columns:25% auto\"><figure class=\"wp-block-media-text__media\"><img loading=\"lazy\" decoding=\"async\" width=\"297\" height=\"445\" src=\"https:\/\/buechertanz.de\/wp-content\/uploads\/2026\/08\/59-Die-Fasern-der-Welt-Schwelende-Stuerme.jpg\" alt=\"\" class=\"wp-image-11241 size-full\" srcset=\"https:\/\/buechertanz.de\/wp-content\/uploads\/2026\/08\/59-Die-Fasern-der-Welt-Schwelende-Stuerme.jpg 297w, https:\/\/buechertanz.de\/wp-content\/uploads\/2026\/08\/59-Die-Fasern-der-Welt-Schwelende-Stuerme-200x300.jpg 200w\" sizes=\"auto, (max-width: 297px) 100vw, 297px\" \/><\/figure><div class=\"wp-block-media-text__content\">\n<p class=\"has-small-font-size wp-block-paragraph\"><em>Selbst gekauft<\/em> (eBook)<br><br>Es folgte <em><strong><a href=\"https:\/\/buechertanz.de\/?p=11247\" target=\"_blank\" rel=\"noreferrer noopener\">&#8222;Schwelende St\u00fcrme&#8220;<\/a> <\/strong><\/em>von Lia Scott. Der dritte Band der Reihe <em>&#8222;Die Fasern der Welt<\/em>&#8220; von Lia Scott.<br>Lia Scott hat es auch bei diesem Band geschafft, mich mit auf eine Reise in die Vergangenheit zu nehmen, von der ich nur schwer zur\u00fcckkehren kann.\u00a0<em>\u201eSchwelende St\u00fcrme\u201c<\/em>\u00a0ist emotional, erschreckend, lehrreich und einfach gro\u00dfartig. Sehr lesenswert!<\/p>\n<\/div><\/div>\n\n\n\n<p class=\"has-text-align-center wp-block-paragraph\">_ _ _ <\/p>\n\n\n\n<div class=\"wp-block-media-text has-media-on-the-right is-vertically-aligned-center\" style=\"grid-template-columns:auto 25%\"><div class=\"wp-block-media-text__content\">\n<p class=\"has-small-font-size wp-block-paragraph\"><em>Selbst gekauft<\/em> (Print)<br><br>Das Buch <strong><em><a href=\"https:\/\/buechertanz.de\/?p=11267\" target=\"_blank\" rel=\"noreferrer noopener\">&#8222;Sturmland&#8220;<\/a> <\/em><\/strong>von Miriam Georg hatte ich sehr oft in der Hand &#8211; und habe es mir Mitte des Monats dann gekauft und einfach direkt gelesen.<br>Es war mein erstes gelesenes Buch von Miriam Georg\u2026 und definitiv nicht mein Letztes. Eine mitrei\u00dfende Geschichte, die ich einfach inhaliert habe und definitiv nie wieder vergessen werde. Eine absolute Leseempfehlung!\u00a0<br><\/p>\n<\/div><figure class=\"wp-block-media-text__media\"><img loading=\"lazy\" decoding=\"async\" width=\"307\" height=\"466\" src=\"https:\/\/buechertanz.de\/wp-content\/uploads\/2026\/08\/60-Sturmland.jpg\" alt=\"\" class=\"wp-image-11261 size-full\" srcset=\"https:\/\/buechertanz.de\/wp-content\/uploads\/2026\/08\/60-Sturmland.jpg 307w, https:\/\/buechertanz.de\/wp-content\/uploads\/2026\/08\/60-Sturmland-198x300.jpg 198w\" sizes=\"auto, (max-width: 307px) 100vw, 307px\" \/><\/figure><\/div>\n\n\n\n<p class=\"has-text-align-center wp-block-paragraph\">_ _ _ <\/p>\n\n\n\n<div class=\"wp-block-media-text is-vertically-aligned-center\" style=\"grid-template-columns:25% auto\"><figure class=\"wp-block-media-text__media\"><img loading=\"lazy\" decoding=\"async\" width=\"285\" height=\"445\" src=\"https:\/\/buechertanz.de\/wp-content\/uploads\/2026\/08\/61-Marseille-1940-Die-grosse-Flucht-der-Literatur.jpg\" alt=\"\" class=\"wp-image-11275 size-full\" srcset=\"https:\/\/buechertanz.de\/wp-content\/uploads\/2026\/08\/61-Marseille-1940-Die-grosse-Flucht-der-Literatur.jpg 285w, https:\/\/buechertanz.de\/wp-content\/uploads\/2026\/08\/61-Marseille-1940-Die-grosse-Flucht-der-Literatur-192x300.jpg 192w\" sizes=\"auto, (max-width: 285px) 100vw, 285px\" \/><\/figure><div class=\"wp-block-media-text__content\">\n<p class=\"has-small-font-size wp-block-paragraph\"><em>Selbst gekauft<\/em> (Print)<br><br>Das zweite Sachbuch im Monat August 2026 war das Buch <strong><em><a href=\"https:\/\/buechertanz.de\/?p=11281\" target=\"_blank\" rel=\"noreferrer noopener\">&#8222;Marseille 1940 &#8211; Die gro\u00dfe Flucht der Literatur&#8220;<\/a> <\/em><\/strong>von Uwe Wittstock. <br>Es ist ein emotional forderndes, aber absolut gro\u00dfartiges und wichtiges Sachbuch. Uwe Wittstock hat den Verfolgten und ihren Rettern ein w\u00fcrdevolles Denkmal gesetzt.\u00a0Unbedingt lesen!<\/p>\n<\/div><\/div>\n\n\n\n<p class=\"has-text-align-center wp-block-paragraph\">_ _ _ <\/p>\n\n\n\n<div class=\"wp-block-media-text has-media-on-the-right is-vertically-aligned-center\" style=\"grid-template-columns:auto 25%\"><div class=\"wp-block-media-text__content\">\n<p class=\"has-small-font-size wp-block-paragraph\"><em>Selbst gekauft<\/em> (eBook)<br><br>Nach dieser fordernden Lekt\u00fcre brauchte ich eine Geschichte f\u00fcr Herz. Da bot sich <strong><em><a href=\"https:\/\/buechertanz.de\/?p=11294\" target=\"_blank\" rel=\"noreferrer noopener\">&#8222;Der kleine Blumenladen in Paris&#8220;<\/a> <\/em><\/strong>von Hannah Hope perfekt an.<br>Einfach herzerw\u00e4rmend und wundersch\u00f6n und es f\u00fchlt sich wie ein kleiner Kurztrip nach Paris an. Eine lesenswerte und liebevolle Auszeit vom Alltag.<br><\/p>\n<\/div><figure class=\"wp-block-media-text__media\"><img loading=\"lazy\" decoding=\"async\" width=\"311\" height=\"466\" src=\"https:\/\/buechertanz.de\/wp-content\/uploads\/2026\/08\/62-Der-kleine-Blumenladen-in-Paris.jpg\" alt=\"\" class=\"wp-image-11288 size-full\" srcset=\"https:\/\/buechertanz.de\/wp-content\/uploads\/2026\/08\/62-Der-kleine-Blumenladen-in-Paris.jpg 311w, https:\/\/buechertanz.de\/wp-content\/uploads\/2026\/08\/62-Der-kleine-Blumenladen-in-Paris-200x300.jpg 200w\" sizes=\"auto, (max-width: 311px) 100vw, 311px\" \/><\/figure><\/div>\n\n\n\n<p class=\"has-text-align-center wp-block-paragraph\">_ _ _ <\/p>\n\n\n\n<div class=\"wp-block-media-text is-vertically-aligned-center\" style=\"grid-template-columns:25% auto\"><figure class=\"wp-block-media-text__media\"><img loading=\"lazy\" decoding=\"async\" width=\"302\" height=\"445\" src=\"https:\/\/buechertanz.de\/wp-content\/uploads\/2026\/08\/63-Die-Kinder-der-Hansens-Entdeckung-der-Wahrheit.jpg\" alt=\"\" class=\"wp-image-11304 size-full\" srcset=\"https:\/\/buechertanz.de\/wp-content\/uploads\/2026\/08\/63-Die-Kinder-der-Hansens-Entdeckung-der-Wahrheit.jpg 302w, https:\/\/buechertanz.de\/wp-content\/uploads\/2026\/08\/63-Die-Kinder-der-Hansens-Entdeckung-der-Wahrheit-204x300.jpg 204w\" sizes=\"auto, (max-width: 302px) 100vw, 302px\" \/><\/figure><div class=\"wp-block-media-text__content\">\n<p class=\"has-small-font-size wp-block-paragraph\"><em>Selbst gekauft<\/em> (eBook)<br><br>Direkt am Erscheinungstag habe ich das eBook <strong><em>&#8222;Entdeckung der Wahrheit&#8220; <\/em><\/strong>von Ellin Carsta begonnen. Es ist der 9. Band der Reihe <em>&#8222;Die Kinder der Hansens&#8220;.<\/em><br>Dieser Band hat mir emotional so viel abverlangt &#8211; und er ist spannend von der ersten bis zur letzten Seite. Auch wenn ich zwischendrin nicht mehr weiterlesen wollte &#8230; musste ich es trotzdem machen, da ich einfach wissen musste, wie es weitergeht.<br>Eine Empfehlung zum Schluss: Legt euch auf jeden Fall Taschent\u00fccher bereit.<\/p>\n<\/div><\/div>\n\n\n\n<p class=\"has-text-align-center wp-block-paragraph\">_ _ _ <\/p>\n\n\n\n<div class=\"wp-block-media-text has-media-on-the-right is-vertically-aligned-center\" style=\"grid-template-columns:auto 25%\"><div class=\"wp-block-media-text__content\">\n<p class=\"has-small-font-size wp-block-paragraph\"><em>Selbst gekauft<\/em> (Print)<br><br>Als Abschluss schnappte ich mir ein Buch von meinem Stapel der ungelesenen B\u00fccher:<a href=\"https:\/\/buechertanz.de\/?p=11314\" target=\"_blank\" rel=\"noreferrer noopener\"> <strong><em>&#8222;Kalter Nebel &#8211; Widerstand am Kaiserstuhl&#8220;<\/em><\/strong><\/a><strong><em> <\/em><\/strong>von Julia Heinecke.<br>Es ist ist ein absolut gro\u00dfartiges, wichtiges und sehr, sehr lesenswertes Buch. Es verkn\u00fcpft packende Fiktion perfekt mit realer Regionalgeschichte. Unbedingt lesen.<br><\/p>\n<\/div><figure class=\"wp-block-media-text__media\"><img loading=\"lazy\" decoding=\"async\" width=\"266\" height=\"377\" src=\"https:\/\/buechertanz.de\/wp-content\/uploads\/2026\/08\/64-Kalter-Nebel-Widerstand-am-Kaiserstuhl.jpg\" alt=\"\" class=\"wp-image-11307 size-full\" srcset=\"https:\/\/buechertanz.de\/wp-content\/uploads\/2026\/08\/64-Kalter-Nebel-Widerstand-am-Kaiserstuhl.jpg 266w, https:\/\/buechertanz.de\/wp-content\/uploads\/2026\/08\/64-Kalter-Nebel-Widerstand-am-Kaiserstuhl-212x300.jpg 212w\" sizes=\"auto, (max-width: 266px) 100vw, 266px\" \/><\/figure><\/div>\n\n\n\n<p class=\"has-text-align-center wp-block-paragraph\">_ _ _ <\/p>\n","protected":false},"excerpt":{"rendered":"<p>Werbung * _ _ _ Im August habe ich acht B\u00fccher mit insgesamt 2.996 Seiten gelesen: Das war ein wundersch\u00f6ner und abwechslungsreicher Lesemonat. Ich bin sehr zufrieden und freue mich, dass zwei Sachb\u00fccher (&#8222;Die Vork\u00e4mpferinnen&#8220; von Bianca Walther und &#8222;Marseille 1940&#8220; von Uwe Wittstock) dabei waren. Herzlichen Dank an den Rowohlt Verlag f\u00fcr das Rezensionsexemplar &hellip; <a href=\"https:\/\/buechertanz.de\/?page_id=11324\" class=\"more-link\"><span class=\"screen-reader-text\">Gelesen August 2026<\/span> weiterlesen<\/a><\/p>\n","protected":false},"author":2,"featured_media":0,"parent":0,"menu_order":0,"comment_status":"open","ping_status":"closed","template":"","meta":{"footnotes":""},"class_list":["post-11324","page","type-page","status-publish","hentry"],"_links":{"self":[{"href":"https:\/\/buechertanz.de\/index.php?rest_route=\/wp\/v2\/pages\/11324","targetHints":{"allow":["GET"]}}],"collection":[{"href":"https:\/\/buechertanz.de\/index.php?rest_route=\/wp\/v2\/pages"}],"about":[{"href":"https:\/\/buechertanz.de\/index.php?rest_route=\/wp\/v2\/types\/page"}],"author":[{"embeddable":true,"href":"https:\/\/buechertanz.de\/index.php?rest_route=\/wp\/v2\/users\/2"}],"replies":[{"embeddable":true,"href":"https:\/\/buechertanz.de\/index.php?rest_route=%2Fwp%2Fv2%2Fcomments&post=11324"}],"version-history":[{"count":3,"href":"https:\/\/buechertanz.de\/index.php?rest_route=\/wp\/v2\/pages\/11324\/revisions"}],"predecessor-version":[{"id":11340,"href":"https:\/\/buechertanz.de\/index.php?rest_route=\/wp\/v2\/pages\/11324\/revisions\/11340"}],"wp:attachment":[{"href":"https:\/\/buechertanz.de\/index.php?rest_route=%2Fwp%2Fv2%2Fmedia&parent=11324"}],"curies":[{"name":"wp","href":"https:\/\/api.w.org\/{rel}","templated":true}]}}