{"id":11325,"date":"2026-08-30T15:12:13","date_gmt":"2026-08-30T14:12:13","guid":{"rendered":"https:\/\/buechertanz.de\/?page_id=11325"},"modified":"2026-08-30T20:07:36","modified_gmt":"2026-08-30T19:07:36","slug":"neuzugaenge-august-2026","status":"publish","type":"page","link":"https:\/\/buechertanz.de\/?page_id=11325","title":{"rendered":"Neuzug\u00e4nge August 2026"},"content":{"rendered":"\n<p class=\"wp-block-paragraph\">Werbung *<\/p>\n\n\n\n<p class=\"has-text-align-center wp-block-paragraph\">_ _ _ <\/p>\n\n\n\n<p class=\"has-drop-cap has-small-font-size wp-block-paragraph\">Im <strong>August 2026<\/strong> sind insgesamt <strong>17 B\u00fccher\/ eBooks<\/strong> hier eingezogen:<\/p>\n\n\n\n<div class=\"wp-block-media-text\"><figure class=\"wp-block-media-text__media\"><img loading=\"lazy\" decoding=\"async\" width=\"785\" height=\"981\" src=\"https:\/\/buechertanz.de\/wp-content\/uploads\/2026\/08\/08-August_komplett_komp.jpg\" alt=\"\" class=\"wp-image-11343 size-full\" srcset=\"https:\/\/buechertanz.de\/wp-content\/uploads\/2026\/08\/08-August_komplett_komp.jpg 785w, https:\/\/buechertanz.de\/wp-content\/uploads\/2026\/08\/08-August_komplett_komp-240x300.jpg 240w, https:\/\/buechertanz.de\/wp-content\/uploads\/2026\/08\/08-August_komplett_komp-768x960.jpg 768w\" sizes=\"auto, (max-width: 785px) 100vw, 785px\" \/><\/figure><div class=\"wp-block-media-text__content\">\n<ul class=\"wp-block-list\">\n<li class=\"has-small-font-size\">Zwei Rezensionsexemplare (Prints)<\/li>\n\n\n\n<li class=\"has-small-font-size\">Ein privates Geschenk (Print)<\/li>\n\n\n\n<li class=\"has-small-font-size\">Acht selbst gekaufte eBooks &amp; sechs selbst gekaufte Prints<\/li>\n<\/ul>\n<\/div><\/div>\n\n\n\n<p class=\"has-small-font-size wp-block-paragraph\">Herzlichen Dank an den Rowohlt Verlag f\u00fcr das Rezensionsexemplar\u00a0<em><a href=\"https:\/\/buechertanz.de\/?p=11231\" target=\"_blank\" rel=\"noreferrer noopener\"><strong>\u201eDer geheime Apfelgarten \u2013 Getrennte Welten\u201c<\/strong><\/a>\u00a0<\/em>von Rebekka Eder und an Ann-Kathrin Wasle f\u00fcr das Rezensionsexemplars ihres neuen historischen Romans. Das Cover bleibt noch etwas verh\u00fcllt &#8211; am 01. September 2026 ist dann das gro\u00dfe Cover-Reveal. <br><br>Falls es eine Rezension auf meinem Blog gibt, gelangt ihr mit einem Klick auf den unterstrichenen Buchtitel direkt dorthin. <\/p>\n\n\n\n<p class=\"has-small-font-size wp-block-paragraph\">Viel Spa\u00df beim St\u00f6bern und Entdecken, eure<\/p>\n\n\n\n<figure class=\"wp-block-image size-large is-resized\"><img loading=\"lazy\" decoding=\"async\" width=\"1024\" height=\"404\" src=\"https:\/\/buechertanz.de\/wp-content\/uploads\/2024\/06\/Unterschrift-1024x404.jpg\" alt=\"\" class=\"wp-image-7473\" style=\"aspect-ratio:2.534871706561047;width:250px;height:auto\" srcset=\"https:\/\/buechertanz.de\/wp-content\/uploads\/2024\/06\/Unterschrift-1024x404.jpg 1024w, https:\/\/buechertanz.de\/wp-content\/uploads\/2024\/06\/Unterschrift-300x118.jpg 300w, https:\/\/buechertanz.de\/wp-content\/uploads\/2024\/06\/Unterschrift-768x303.jpg 768w, https:\/\/buechertanz.de\/wp-content\/uploads\/2024\/06\/Unterschrift.jpg 1500w\" sizes=\"auto, (max-width: 1024px) 100vw, 1024px\" \/><\/figure>\n\n\n\n<p class=\"wp-block-paragraph\" style=\"font-size:11px\"><em>*Da ich einige der B\u00fccher als kostenlose Rezensionsexemplare erhalten habe (und damit eine Gegenleistung), kennzeichne ich diesen Blogbeitrag als Werbung. Ich habe keine finanziellen Gegenleistungen von den Autorinnen und\/ oder den Verlagen erhalten.<\/em><\/p>\n\n\n\n<p class=\"has-text-align-center wp-block-paragraph\">_ _ _ <\/p>\n\n\n\n<p class=\"has-small-font-size wp-block-paragraph\" style=\"text-decoration:underline\"><strong>Rezensionsexemplare und Geschenke:<\/strong><\/p>\n\n\n<div class=\"wp-block-image\">\n<figure class=\"aligncenter size-large is-resized\"><img loading=\"lazy\" decoding=\"async\" width=\"819\" height=\"1024\" src=\"https:\/\/buechertanz.de\/wp-content\/uploads\/2026\/08\/08-August_Rezensionsexemplare_Geschenke_komp-819x1024.jpg\" alt=\"\" class=\"wp-image-11344\" style=\"aspect-ratio:0.7998116385633818;width:364px;height:auto\" srcset=\"https:\/\/buechertanz.de\/wp-content\/uploads\/2026\/08\/08-August_Rezensionsexemplare_Geschenke_komp-819x1024.jpg 819w, https:\/\/buechertanz.de\/wp-content\/uploads\/2026\/08\/08-August_Rezensionsexemplare_Geschenke_komp-240x300.jpg 240w, https:\/\/buechertanz.de\/wp-content\/uploads\/2026\/08\/08-August_Rezensionsexemplare_Geschenke_komp-768x960.jpg 768w, https:\/\/buechertanz.de\/wp-content\/uploads\/2026\/08\/08-August_Rezensionsexemplare_Geschenke_komp.jpg 916w\" sizes=\"auto, (max-width: 819px) 100vw, 819px\" \/><\/figure>\n<\/div>\n\n\n<div class=\"wp-block-columns is-layout-flex wp-container-core-columns-is-layout-8f761849 wp-block-columns-is-layout-flex\">\n<div class=\"wp-block-column is-layout-flow wp-block-column-is-layout-flow\">\n<ul class=\"wp-block-list\">\n<li class=\"has-small-font-size\"><strong>Rebekka Eder:<\/strong><br><em><a href=\"https:\/\/buechertanz.de\/?p=11231\" target=\"_blank\" rel=\"noreferrer noopener\">&#8222;Der geheime Apfelgarten &#8211; Getrennte Welten&#8220;<\/a><\/em> (Print)<\/li>\n\n\n\n<li class=\"has-small-font-size\"><strong>Ann-Kathrin Wasle:<\/strong><br><em>&#8222;Lore-Ley&#8220; <\/em>(Print)<\/li>\n<\/ul>\n<\/div>\n\n\n\n<div class=\"wp-block-column is-layout-flow wp-block-column-is-layout-flow\">\n<ul class=\"wp-block-list\">\n<li class=\"has-small-font-size\"><strong>Guillaume Musso:<\/strong><br><em>&#8222;Das Papierm\u00e4dchen&#8220; <\/em>(Print)<\/li>\n<\/ul>\n<\/div>\n<\/div>\n\n\n\n<p class=\"has-text-align-center wp-block-paragraph\">_ _ _ <\/p>\n\n\n\n<p class=\"has-small-font-size wp-block-paragraph\" style=\"text-decoration:underline\"><strong>Selbstgekaufte B\u00fccher\/ eBooks:<\/strong><\/p>\n\n\n<div class=\"wp-block-image\">\n<figure class=\"aligncenter size-full is-resized\"><img loading=\"lazy\" decoding=\"async\" width=\"654\" height=\"818\" src=\"https:\/\/buechertanz.de\/wp-content\/uploads\/2026\/08\/08-August_Selbst-gekauft_komp.jpg\" alt=\"\" class=\"wp-image-11345\" style=\"width:388px;height:auto\" srcset=\"https:\/\/buechertanz.de\/wp-content\/uploads\/2026\/08\/08-August_Selbst-gekauft_komp.jpg 654w, https:\/\/buechertanz.de\/wp-content\/uploads\/2026\/08\/08-August_Selbst-gekauft_komp-240x300.jpg 240w\" sizes=\"auto, (max-width: 654px) 100vw, 654px\" \/><\/figure>\n<\/div>\n\n\n<div class=\"wp-block-columns is-layout-flex wp-container-core-columns-is-layout-8f761849 wp-block-columns-is-layout-flex\">\n<div class=\"wp-block-column is-layout-flow wp-block-column-is-layout-flow\">\n<ul class=\"wp-block-list\">\n<li class=\"has-small-font-size\"><strong>Rachel Khong:<\/strong><br>&#8222;Real Americans&#8220; (Print)<\/li>\n\n\n\n<li class=\"has-small-font-size\"><strong>Lotte R\u00f6mer:<\/strong><br><em>&#8222;Das unehrenhafte M\u00e4dchen&#8220; <\/em>(eBook)<\/li>\n\n\n\n<li class=\"has-small-font-size\"><strong>Caren Benedikt:<\/strong><br><em>&#8222;Die Rache der Duftn\u00e4herin&#8220; <\/em>(eBook)<\/li>\n\n\n\n<li class=\"has-small-font-size\"><strong>Lia Scott:<\/strong><br><em><a href=\"https:\/\/buechertanz.de\/?p=11247\" target=\"_blank\" rel=\"noreferrer noopener\">&#8222;Die Fasern der Welt &#8211; Schwelende St\u00fcrme&#8220;<\/a> <\/em>(eBook)<\/li>\n\n\n\n<li class=\"has-small-font-size\"><strong>Lucinda Riley:<\/strong><br><em>&#8222;Die Frauen von Ballymore&#8220; <\/em> (eBook) &amp; <em>&#8222;Die Toten von Fleat House&#8220; <\/em>(Print)<\/li>\n\n\n\n<li class=\"has-small-font-size\"><strong>Miriam Georg:<\/strong><br><em><a href=\"https:\/\/buechertanz.de\/?p=11267\" target=\"_blank\" rel=\"noreferrer noopener\">&#8222;Sturmland&#8220; <\/a><\/em>(Print)<\/li>\n\n\n\n<li class=\"has-small-font-size\"><strong>Uwe Wittstock:<\/strong><br><em><a href=\"https:\/\/buechertanz.de\/?p=11281\" target=\"_blank\" rel=\"noreferrer noopener\">&#8222;Marseille 1940 &#8211; Die gro\u00dfe Flucht der Literatur&#8220;<\/a> <\/em>(Print)<\/li>\n<\/ul>\n<\/div>\n\n\n\n<div class=\"wp-block-column is-layout-flow wp-block-column-is-layout-flow\">\n<ul class=\"wp-block-list\">\n<li class=\"has-small-font-size\"><strong>Frances Hodgson Burnett:<\/strong><br><em>&#8222;Der geheime Garten&#8220; <\/em>(Print)<\/li>\n\n\n\n<li class=\"has-small-font-size\"><strong>Ellin Carsta:<\/strong><br><em>&#8222;Die Kinder der Hansens &#8211; Entdeckung der Wahrheit&#8220; <\/em>(eBook)<\/li>\n\n\n\n<li class=\"has-small-font-size\"><strong>Wolf Hector:<\/strong><br><em>&#8222;Die Bluthochzeit&#8220; <\/em>(Print)<\/li>\n\n\n\n<li class=\"has-small-font-size\"><strong>Hannah Hope:<\/strong><br><em>&#8222;Der Walfl\u00fcsterer&#8220; <\/em>(eBook)<\/li>\n\n\n\n<li class=\"has-small-font-size\"><strong>Anett Klose:<\/strong><br><em>&#8222;Die Spitzen-Saga &#8211; Der Stoff der Tr\u00e4nen&#8220; <\/em>(eBook)<\/li>\n\n\n\n<li class=\"has-small-font-size\"><strong>Katharina von der Lane:<\/strong><br><em>&#8222;Haribo &#8211; Goldene Zeiten brechen an&#8220; <\/em>(eBook)<\/li>\n<\/ul>\n<\/div>\n<\/div>\n\n\n\n<p class=\"has-text-align-center wp-block-paragraph\">_ _ _ <\/p>\n","protected":false},"excerpt":{"rendered":"<p>Werbung * _ _ _ Im August 2026 sind insgesamt 17 B\u00fccher\/ eBooks hier eingezogen: Herzlichen Dank an den Rowohlt Verlag f\u00fcr das Rezensionsexemplar\u00a0\u201eDer geheime Apfelgarten \u2013 Getrennte Welten\u201c\u00a0von Rebekka Eder und an Ann-Kathrin Wasle f\u00fcr das Rezensionsexemplars ihres neuen historischen Romans. Das Cover bleibt noch etwas verh\u00fcllt &#8211; am 01. September 2026 ist dann &hellip; <a href=\"https:\/\/buechertanz.de\/?page_id=11325\" class=\"more-link\"><span class=\"screen-reader-text\">Neuzug\u00e4nge August 2026<\/span> weiterlesen<\/a><\/p>\n","protected":false},"author":2,"featured_media":0,"parent":0,"menu_order":0,"comment_status":"open","ping_status":"closed","template":"","meta":{"footnotes":""},"class_list":["post-11325","page","type-page","status-publish","hentry"],"_links":{"self":[{"href":"https:\/\/buechertanz.de\/index.php?rest_route=\/wp\/v2\/pages\/11325","targetHints":{"allow":["GET"]}}],"collection":[{"href":"https:\/\/buechertanz.de\/index.php?rest_route=\/wp\/v2\/pages"}],"about":[{"href":"https:\/\/buechertanz.de\/index.php?rest_route=\/wp\/v2\/types\/page"}],"author":[{"embeddable":true,"href":"https:\/\/buechertanz.de\/index.php?rest_route=\/wp\/v2\/users\/2"}],"replies":[{"embeddable":true,"href":"https:\/\/buechertanz.de\/index.php?rest_route=%2Fwp%2Fv2%2Fcomments&post=11325"}],"version-history":[{"count":3,"href":"https:\/\/buechertanz.de\/index.php?rest_route=\/wp\/v2\/pages\/11325\/revisions"}],"predecessor-version":[{"id":11347,"href":"https:\/\/buechertanz.de\/index.php?rest_route=\/wp\/v2\/pages\/11325\/revisions\/11347"}],"wp:attachment":[{"href":"https:\/\/buechertanz.de\/index.php?rest_route=%2Fwp%2Fv2%2Fmedia&parent=11325"}],"curies":[{"name":"wp","href":"https:\/\/api.w.org\/{rel}","templated":true}]}}